{"id":4272,"date":"2019-10-01T01:51:51","date_gmt":"2019-09-30T23:51:51","guid":{"rendered":"https:\/\/janapsicologa.com\/psicologo-madrid\/?page_id=4272"},"modified":"2022-10-09T13:21:01","modified_gmt":"2022-10-09T11:21:01","slug":"dharmi-talleres","status":"publish","type":"page","link":"https:\/\/janapsicologa.com\/psicologo-madrid\/dharmi-talleres\/","title":{"rendered":"Dharmi Talleres"},"content":{"rendered":"\n<p>Los Dharmi-talleres son talleres que imparto en colaboraci\u00f3n con la <strong><span style=\"color: #ff00ff;\">A<\/span><span style=\"color: #ff00ff;\">sociaci\u00f3n de yoga Dharmi Sewa de Coslada<\/span><\/strong>. Son talleres de psicolog\u00eda que suelen realizarse en s\u00e1bado y que abordan diversos temas.<\/p>\n<p>Estos talleres se realizar\u00e1n en el <strong><span style=\"color: #ff00ff;\">centro c\u00edvico \u00abEl Cerro\u00bb<\/span><\/strong>, situado en Avenida de Manuel Aza\u00f1a, 13, Coslada.&nbsp;<\/p>\n\n\n\n<h2 class=\"wp-block-heading\">Talleres<\/h2>\n\n\n\n<h3><span style=\"color: #ff00ff;\">Taller de autoestima I\u00a0<\/span><\/h3>\n<p>En el <strong>taller de autoestima I<\/strong> vamos a tratar los bloques 1 y 2 del taller <a href=\"https:\/\/janapsicologa.com\/psicologo-madrid\/taller-cuida-tu-autoestima-2019\/\">\u00abCuida tu autoestima\u00bb<\/a> que imparto en mi consulta privada.<\/p>\n<p>Fecha: <strong><del><span style=\"color: #ff00ff;\"><span style=\"color: #000000;\">05 de Octubre del 2019<\/span><\/span><\/del> <span style=\"color: #ff00ff;\"><span style=\"color: #000000;\">Finalizado<\/span><\/span><\/strong><\/p>\n<p>Horario de 10.30h a 13.00h\u00a0<\/p>\n<h3><span style=\"color: #ff00ff;\">Taller de autoestima II<\/span><\/h3>\n<p>En el <strong>taller de autoestima II<\/strong> vamos a tratar los bloques 3 y 4 del taller <a href=\"https:\/\/janapsicologa.com\/psicologo-madrid\/taller-cuida-tu-autoestima-2019\/\">\u00abCuida tu autoestima\u00bb<\/a> que imparto en mi consulta privada.<\/p>\n<p>Fecha: <del><strong><span style=\"color: #ff00ff;\"><span style=\"color: #000000;\">16 de Noviembre del 2019 <\/span><\/span><\/strong><\/del><strong><span style=\"color: #ff00ff;\"><span style=\"color: #000000;\">Finalizado<\/span><\/span><\/strong><\/p>\n<p>Horario de 10.30h a 13.00h<\/p>\n<h3><span style=\"color: #ff00ff;\">Taller de Ansiedad<\/span><\/h3>\n<p>Fecha: <del><strong><span style=\"color: #ff00ff;\"><span style=\"color: #000000;\">11 de Enero del 2020<\/span><\/span><\/strong><\/del> <strong><span style=\"color: #ff00ff;\"><span style=\"color: #000000;\">Finalizado<\/span><\/span><\/strong><\/p>\n<p>Horario de 10.30h a 13.30h<\/p>\n<p>En el taller de Ansiedad hablaremos sobre:<\/p>\n<ul>\n<li>\u00bfC\u00f3mo regular las emociones?<\/li>\n<li>\u00bfQu\u00e9 es la ansiedad?<\/li>\n<li>\u00bfQu\u00e9 s\u00edntomas puedo experimentar si siento ansiedad?<\/li>\n<li>Saber: C\u00f3mo reacciono ante esos s\u00edntomas y como esa reacci\u00f3n puede estar perjudic\u00e1ndome.<\/li>\n<li>\u00bfQu\u00e9 herramientas y actitudes me pueden ayudar cuando siento ansiedad?<\/li>\n<\/ul>\n<h3><span style=\"color: #ff00ff;\">Gestiona tu estr\u00e9s positiva-mente<\/span><\/h3>\n<p><span style=\"color: #ff00ff;\"><span style=\"color: #000000;\">Fecha:<del><strong> 08 de Febrero del 2020<\/strong><\/del> <strong>Finalizado<\/strong><\/span><\/span><\/p>\n<p>Horario de 10.30h a 13.30h<\/p>\n<p>Encuentra m\u00e1s informaci\u00f3n sobre el taller de <a href=\"https:\/\/janapsicologa.com\/psicologo-madrid\/gestiona-tu-estres-positiva-mente\/\">Gesti\u00f3n del Estr\u00e9s<\/a>.<\/p>\n<h4 style=\"text-align: center;\"><span style=\"text-decoration: underline;\"><span style=\"font-size: 18pt; color: #000000;\"><strong>\u00bfTe interesa venir a alg\u00fan Dharmi?<\/strong><\/span><\/span><\/h4>\n<p>Ap\u00fantate en el taller que te interese mediante este formulario de contacto o\u00a0 llam\u00e1ndome al tel\u00e9fono de la consulta <span style=\"color: #ff00ff;\"><strong>668 87 03 13<\/strong><\/span>.<\/p>\n\n<div class=\"wpcf7 no-js\" id=\"wpcf7-f2581-o1\" lang=\"es-ES\" dir=\"ltr\" data-wpcf7-id=\"2581\">\n<div class=\"screen-reader-response\"><p role=\"status\" aria-live=\"polite\" aria-atomic=\"true\"><\/p> <ul><\/ul><\/div>\n<form action=\"\/psicologo-madrid\/wp-json\/wp\/v2\/pages\/4272#wpcf7-f2581-o1\" method=\"post\" class=\"wpcf7-form init\" aria-label=\"Formulario de contacto\" novalidate=\"novalidate\" data-status=\"init\">\n<div style=\"display: none;\">\n<input type=\"hidden\" name=\"_wpcf7\" value=\"2581\" \/>\n<input type=\"hidden\" name=\"_wpcf7_version\" value=\"6.0.6\" \/>\n<input type=\"hidden\" name=\"_wpcf7_locale\" value=\"es_ES\" \/>\n<input type=\"hidden\" name=\"_wpcf7_unit_tag\" value=\"wpcf7-f2581-o1\" \/>\n<input type=\"hidden\" name=\"_wpcf7_container_post\" value=\"0\" \/>\n<input type=\"hidden\" name=\"_wpcf7_posted_data_hash\" value=\"\" \/>\n<\/div>\n<p><label> Tu nombre<br \/>\n<span class=\"wpcf7-form-control-wrap\" data-name=\"your-name\"><input size=\"40\" maxlength=\"400\" class=\"wpcf7-form-control wpcf7-text wpcf7-validates-as-required\" aria-required=\"true\" aria-invalid=\"false\" value=\"\" type=\"text\" name=\"your-name\" \/><\/span> <\/label>\n<\/p>\n<p><label> Tu correo electr\u00f3nico<br \/>\n<span class=\"wpcf7-form-control-wrap\" data-name=\"your-email\"><input size=\"40\" maxlength=\"400\" class=\"wpcf7-form-control wpcf7-email wpcf7-validates-as-required wpcf7-text wpcf7-validates-as-email\" aria-required=\"true\" aria-invalid=\"false\" value=\"\" type=\"email\" name=\"your-email\" \/><\/span> <\/label>\n<\/p>\n<p><label> Asunto<br \/>\n<span class=\"wpcf7-form-control-wrap\" data-name=\"your-subject\"><input size=\"40\" maxlength=\"400\" class=\"wpcf7-form-control wpcf7-text\" aria-invalid=\"false\" value=\"\" type=\"text\" name=\"your-subject\" \/><\/span> <\/label>\n<\/p>\n<p><label> Tu mensaje<br \/>\n<span class=\"wpcf7-form-control-wrap\" data-name=\"your-message\"><textarea cols=\"40\" rows=\"10\" maxlength=\"2000\" class=\"wpcf7-form-control wpcf7-textarea\" aria-invalid=\"false\" name=\"your-message\"><\/textarea><\/span> <\/label>\n<\/p>\n<p><input class=\"wpcf7-form-control wpcf7-submit has-spinner\" type=\"submit\" value=\"Enviar\" \/>\n<\/p><p style=\"display: none !important;\" class=\"akismet-fields-container\" data-prefix=\"_wpcf7_ak_\"><label>&#916;<textarea name=\"_wpcf7_ak_hp_textarea\" cols=\"45\" rows=\"8\" maxlength=\"100\"><\/textarea><\/label><input type=\"hidden\" id=\"ak_js_1\" name=\"_wpcf7_ak_js\" value=\"222\"\/><script type=\"text\/javascript\">\n\/* <![CDATA[ *\/\ndocument.getElementById( \"ak_js_1\" ).setAttribute( \"value\", ( new Date() ).getTime() );\n\/* ]]> *\/\n<\/script>\n<\/p><div class=\"wpcf7-response-output\" aria-hidden=\"true\"><\/div>\n<\/form>\n<\/div>\n\n<p><img loading=\"lazy\" decoding=\"async\" class=\"aligncenter wp-image-1461 size-thumbnail\" src=\"https:\/\/janapsicologa.com\/wp-content\/uploads\/2017\/04\/logo-jana-psicologa-150x150.png\" alt=\"\" width=\"150\" height=\"150\" srcset=\"https:\/\/janapsicologa.com\/wp-content\/uploads\/2017\/04\/logo-jana-psicologa-150x150.png 150w, https:\/\/janapsicologa.com\/wp-content\/uploads\/2017\/04\/logo-jana-psicologa-300x300.png 300w, https:\/\/janapsicologa.com\/wp-content\/uploads\/2017\/04\/logo-jana-psicologa-100x100.png 100w, https:\/\/janapsicologa.com\/wp-content\/uploads\/2017\/04\/logo-jana-psicologa.png 400w\" sizes=\"(max-width: 150px) 100vw, 150px\" \/><\/p>\n<p>\u00a0<\/p>\n","protected":false},"excerpt":{"rendered":"<p>Los Dharmi-talleres son talleres que imparto en colaboraci\u00f3n con la Asociaci\u00f3n de yoga Dharmi Sewa de Coslada. Son talleres de psicolog\u00eda que suelen realizarse en s\u00e1bado y que abordan diversos temas. Estos talleres se realizar\u00e1n en el centro c\u00edvico \u00abEl Cerro\u00bb, situado en Avenida de Manuel Aza\u00f1a, 13, Coslada.&nbsp; Talleres Taller de autoestima I\u00a0 En &hellip; <a href=\"https:\/\/janapsicologa.com\/psicologo-madrid\/dharmi-talleres\/\" class=\"more-link\">Seguir leyendo <span class=\"screen-reader-text\">Dharmi Talleres<\/span> <span class=\"meta-nav\">&rarr;<\/span><\/a><\/p>\n","protected":false},"author":2,"featured_media":0,"parent":0,"menu_order":0,"comment_status":"closed","ping_status":"closed","template":"","meta":{"footnotes":""},"class_list":["post-4272","page","type-page","status-publish","hentry"],"yoast_head":"<!-- This site is optimized with the Yoast SEO plugin v25.6 - https:\/\/yoast.com\/wordpress\/plugins\/seo\/ -->\n<title>Dharmi Talleres &#8226; Psic\u00f3loga Jana Beter\u00e9 (Madrid, glorieta Bilbao)<\/title>\n<meta name=\"description\" content=\"Talleres de psicolog\u00eda en Madrid sobre autoestima, ansiedad, estr\u00e9s, educaci\u00f3n positiva, etc. Inf\u00f3rmate.\" \/>\n<meta name=\"robots\" content=\"noindex, follow\" \/>\n<meta property=\"og:locale\" content=\"es_ES\" \/>\n<meta property=\"og:type\" content=\"article\" \/>\n<meta property=\"og:title\" content=\"Dharmi Talleres &#8226; Psic\u00f3loga Jana Beter\u00e9 (Madrid, glorieta Bilbao)\" \/>\n<meta property=\"og:description\" content=\"Talleres de psicolog\u00eda en Madrid sobre autoestima, ansiedad, estr\u00e9s, educaci\u00f3n positiva, etc. Inf\u00f3rmate.\" \/>\n<meta property=\"og:url\" content=\"https:\/\/janapsicologa.com\/psicologo-madrid\/dharmi-talleres\/\" \/>\n<meta property=\"og:site_name\" content=\"Psic\u00f3loga Jana Beter\u00e9\" \/>\n<meta property=\"article:publisher\" content=\"https:\/\/www.facebook.com\/psicojana\" \/>\n<meta property=\"article:modified_time\" content=\"2022-10-09T11:21:01+00:00\" \/>\n<meta property=\"og:image\" content=\"https:\/\/janapsicologa.com\/wp-content\/uploads\/2017\/04\/logo-jana-psicologa-150x150.png\" \/>\n<meta name=\"twitter:card\" content=\"summary_large_image\" \/>\n<meta name=\"twitter:site\" content=\"@psicojana\" \/>\n<meta name=\"twitter:label1\" content=\"Tiempo de lectura\" \/>\n\t<meta name=\"twitter:data1\" content=\"2 minutos\" \/>\n<script type=\"application\/ld+json\" class=\"yoast-schema-graph\">{\"@context\":\"https:\/\/schema.org\",\"@graph\":[{\"@type\":\"WebPage\",\"@id\":\"https:\/\/janapsicologa.com\/psicologo-madrid\/dharmi-talleres\/\",\"url\":\"https:\/\/janapsicologa.com\/psicologo-madrid\/dharmi-talleres\/\",\"name\":\"Dharmi Talleres &#8226; Psic\u00f3loga Jana Beter\u00e9 (Madrid, glorieta Bilbao)\",\"isPartOf\":{\"@id\":\"https:\/\/janapsicologa.com\/psicologo-madrid\/#website\"},\"primaryImageOfPage\":{\"@id\":\"https:\/\/janapsicologa.com\/psicologo-madrid\/dharmi-talleres\/#primaryimage\"},\"image\":{\"@id\":\"https:\/\/janapsicologa.com\/psicologo-madrid\/dharmi-talleres\/#primaryimage\"},\"thumbnailUrl\":\"https:\/\/janapsicologa.com\/wp-content\/uploads\/2017\/04\/logo-jana-psicologa-150x150.png\",\"datePublished\":\"2019-09-30T23:51:51+00:00\",\"dateModified\":\"2022-10-09T11:21:01+00:00\",\"description\":\"Talleres de psicolog\u00eda en Madrid sobre autoestima, ansiedad, estr\u00e9s, educaci\u00f3n positiva, etc. Inf\u00f3rmate.\",\"breadcrumb\":{\"@id\":\"https:\/\/janapsicologa.com\/psicologo-madrid\/dharmi-talleres\/#breadcrumb\"},\"inLanguage\":\"es\",\"potentialAction\":[{\"@type\":\"ReadAction\",\"target\":[\"https:\/\/janapsicologa.com\/psicologo-madrid\/dharmi-talleres\/\"]}]},{\"@type\":\"ImageObject\",\"inLanguage\":\"es\",\"@id\":\"https:\/\/janapsicologa.com\/psicologo-madrid\/dharmi-talleres\/#primaryimage\",\"url\":\"https:\/\/janapsicologa.com\/wp-content\/uploads\/2017\/04\/logo-jana-psicologa-150x150.png\",\"contentUrl\":\"https:\/\/janapsicologa.com\/wp-content\/uploads\/2017\/04\/logo-jana-psicologa-150x150.png\"},{\"@type\":\"BreadcrumbList\",\"@id\":\"https:\/\/janapsicologa.com\/psicologo-madrid\/dharmi-talleres\/#breadcrumb\",\"itemListElement\":[{\"@type\":\"ListItem\",\"position\":1,\"name\":\"Portada\",\"item\":\"https:\/\/janapsicologa.com\/psicologo-madrid\/\"},{\"@type\":\"ListItem\",\"position\":2,\"name\":\"Dharmi Talleres\"}]},{\"@type\":\"WebSite\",\"@id\":\"https:\/\/janapsicologa.com\/psicologo-madrid\/#website\",\"url\":\"https:\/\/janapsicologa.com\/psicologo-madrid\/\",\"name\":\"Psic\u00f3loga Jana Beter\u00e9\",\"description\":\"Tratamiento psicol\u00f3gico de ansiedad, autoestima, estr\u00e9s y gesti\u00f3n de emociones\",\"publisher\":{\"@id\":\"https:\/\/janapsicologa.com\/psicologo-madrid\/#\/schema\/person\/0bcac00e2c0ee57bd750176742cbba5f\"},\"potentialAction\":[{\"@type\":\"SearchAction\",\"target\":{\"@type\":\"EntryPoint\",\"urlTemplate\":\"https:\/\/janapsicologa.com\/psicologo-madrid\/?s={search_term_string}\"},\"query-input\":{\"@type\":\"PropertyValueSpecification\",\"valueRequired\":true,\"valueName\":\"search_term_string\"}}],\"inLanguage\":\"es\"},{\"@type\":[\"Person\",\"Organization\"],\"@id\":\"https:\/\/janapsicologa.com\/psicologo-madrid\/#\/schema\/person\/0bcac00e2c0ee57bd750176742cbba5f\",\"name\":\"Jana Beter\u00e9 Moreno\",\"image\":{\"@type\":\"ImageObject\",\"inLanguage\":\"es\",\"@id\":\"https:\/\/janapsicologa.com\/psicologo-madrid\/#\/schema\/person\/image\/\",\"url\":\"https:\/\/janapsicologa.com\/wp-content\/uploads\/2020\/03\/psicologa-jana-betere-2020.jpg\",\"contentUrl\":\"https:\/\/janapsicologa.com\/wp-content\/uploads\/2020\/03\/psicologa-jana-betere-2020.jpg\",\"width\":400,\"height\":391,\"caption\":\"Jana Beter\u00e9 Moreno\"},\"logo\":{\"@id\":\"https:\/\/janapsicologa.com\/psicologo-madrid\/#\/schema\/person\/image\/\"},\"description\":\"Psic\u00f3logo Madr\u00edd centro (glorieta de Bilbao). Me llamo Jana, trabajo como psic\u00f3loga en Madrid centro. Te ayudo a combatir tu ansiedad, mejorar tu autoestima, superar la depresi\u00f3n, manejar el estr\u00e9s y gestionar tus emociones mediante tratamiento psicol\u00f3gico. Tambi\u00e9n te puedo acompa\u00f1ar a superar una ruptura de pareja, afrontar miedos, obsesiones o fobias. Mi experiencia se centra en el trabajo con adolescentes y adultos. Te ayudo a superar aquello que te limita en tu d\u00eda a d\u00eda. Mi objetivo es que alcances el bienestar que deseas. \u00a1CON\u00d3CEME! Consulta las opiniones de mis pacientes\",\"sameAs\":[\"https:\/\/janapsicologa.com\",\"https:\/\/www.facebook.com\/psicojana\",\"https:\/\/x.com\/psicojana\"]}]}<\/script>\n<!-- \/ Yoast SEO plugin. -->","yoast_head_json":{"title":"Dharmi Talleres &#8226; Psic\u00f3loga Jana Beter\u00e9 (Madrid, glorieta Bilbao)","description":"Talleres de psicolog\u00eda en Madrid sobre autoestima, ansiedad, estr\u00e9s, educaci\u00f3n positiva, etc. Inf\u00f3rmate.","robots":{"index":"noindex","follow":"follow"},"og_locale":"es_ES","og_type":"article","og_title":"Dharmi Talleres &#8226; Psic\u00f3loga Jana Beter\u00e9 (Madrid, glorieta Bilbao)","og_description":"Talleres de psicolog\u00eda en Madrid sobre autoestima, ansiedad, estr\u00e9s, educaci\u00f3n positiva, etc. Inf\u00f3rmate.","og_url":"https:\/\/janapsicologa.com\/psicologo-madrid\/dharmi-talleres\/","og_site_name":"Psic\u00f3loga Jana Beter\u00e9","article_publisher":"https:\/\/www.facebook.com\/psicojana","article_modified_time":"2022-10-09T11:21:01+00:00","og_image":[{"url":"https:\/\/janapsicologa.com\/wp-content\/uploads\/2017\/04\/logo-jana-psicologa-150x150.png","type":"","width":"","height":""}],"twitter_card":"summary_large_image","twitter_site":"@psicojana","twitter_misc":{"Tiempo de lectura":"2 minutos"},"schema":{"@context":"https:\/\/schema.org","@graph":[{"@type":"WebPage","@id":"https:\/\/janapsicologa.com\/psicologo-madrid\/dharmi-talleres\/","url":"https:\/\/janapsicologa.com\/psicologo-madrid\/dharmi-talleres\/","name":"Dharmi Talleres &#8226; Psic\u00f3loga Jana Beter\u00e9 (Madrid, glorieta Bilbao)","isPartOf":{"@id":"https:\/\/janapsicologa.com\/psicologo-madrid\/#website"},"primaryImageOfPage":{"@id":"https:\/\/janapsicologa.com\/psicologo-madrid\/dharmi-talleres\/#primaryimage"},"image":{"@id":"https:\/\/janapsicologa.com\/psicologo-madrid\/dharmi-talleres\/#primaryimage"},"thumbnailUrl":"https:\/\/janapsicologa.com\/wp-content\/uploads\/2017\/04\/logo-jana-psicologa-150x150.png","datePublished":"2019-09-30T23:51:51+00:00","dateModified":"2022-10-09T11:21:01+00:00","description":"Talleres de psicolog\u00eda en Madrid sobre autoestima, ansiedad, estr\u00e9s, educaci\u00f3n positiva, etc. Inf\u00f3rmate.","breadcrumb":{"@id":"https:\/\/janapsicologa.com\/psicologo-madrid\/dharmi-talleres\/#breadcrumb"},"inLanguage":"es","potentialAction":[{"@type":"ReadAction","target":["https:\/\/janapsicologa.com\/psicologo-madrid\/dharmi-talleres\/"]}]},{"@type":"ImageObject","inLanguage":"es","@id":"https:\/\/janapsicologa.com\/psicologo-madrid\/dharmi-talleres\/#primaryimage","url":"https:\/\/janapsicologa.com\/wp-content\/uploads\/2017\/04\/logo-jana-psicologa-150x150.png","contentUrl":"https:\/\/janapsicologa.com\/wp-content\/uploads\/2017\/04\/logo-jana-psicologa-150x150.png"},{"@type":"BreadcrumbList","@id":"https:\/\/janapsicologa.com\/psicologo-madrid\/dharmi-talleres\/#breadcrumb","itemListElement":[{"@type":"ListItem","position":1,"name":"Portada","item":"https:\/\/janapsicologa.com\/psicologo-madrid\/"},{"@type":"ListItem","position":2,"name":"Dharmi Talleres"}]},{"@type":"WebSite","@id":"https:\/\/janapsicologa.com\/psicologo-madrid\/#website","url":"https:\/\/janapsicologa.com\/psicologo-madrid\/","name":"Psic\u00f3loga Jana Beter\u00e9","description":"Tratamiento psicol\u00f3gico de ansiedad, autoestima, estr\u00e9s y gesti\u00f3n de emociones","publisher":{"@id":"https:\/\/janapsicologa.com\/psicologo-madrid\/#\/schema\/person\/0bcac00e2c0ee57bd750176742cbba5f"},"potentialAction":[{"@type":"SearchAction","target":{"@type":"EntryPoint","urlTemplate":"https:\/\/janapsicologa.com\/psicologo-madrid\/?s={search_term_string}"},"query-input":{"@type":"PropertyValueSpecification","valueRequired":true,"valueName":"search_term_string"}}],"inLanguage":"es"},{"@type":["Person","Organization"],"@id":"https:\/\/janapsicologa.com\/psicologo-madrid\/#\/schema\/person\/0bcac00e2c0ee57bd750176742cbba5f","name":"Jana Beter\u00e9 Moreno","image":{"@type":"ImageObject","inLanguage":"es","@id":"https:\/\/janapsicologa.com\/psicologo-madrid\/#\/schema\/person\/image\/","url":"https:\/\/janapsicologa.com\/wp-content\/uploads\/2020\/03\/psicologa-jana-betere-2020.jpg","contentUrl":"https:\/\/janapsicologa.com\/wp-content\/uploads\/2020\/03\/psicologa-jana-betere-2020.jpg","width":400,"height":391,"caption":"Jana Beter\u00e9 Moreno"},"logo":{"@id":"https:\/\/janapsicologa.com\/psicologo-madrid\/#\/schema\/person\/image\/"},"description":"Psic\u00f3logo Madr\u00edd centro (glorieta de Bilbao). Me llamo Jana, trabajo como psic\u00f3loga en Madrid centro. Te ayudo a combatir tu ansiedad, mejorar tu autoestima, superar la depresi\u00f3n, manejar el estr\u00e9s y gestionar tus emociones mediante tratamiento psicol\u00f3gico. Tambi\u00e9n te puedo acompa\u00f1ar a superar una ruptura de pareja, afrontar miedos, obsesiones o fobias. Mi experiencia se centra en el trabajo con adolescentes y adultos. Te ayudo a superar aquello que te limita en tu d\u00eda a d\u00eda. Mi objetivo es que alcances el bienestar que deseas. \u00a1CON\u00d3CEME! Consulta las opiniones de mis pacientes","sameAs":["https:\/\/janapsicologa.com","https:\/\/www.facebook.com\/psicojana","https:\/\/x.com\/psicojana"]}]}},"jetpack_sharing_enabled":true,"_links":{"self":[{"href":"https:\/\/janapsicologa.com\/psicologo-madrid\/wp-json\/wp\/v2\/pages\/4272"}],"collection":[{"href":"https:\/\/janapsicologa.com\/psicologo-madrid\/wp-json\/wp\/v2\/pages"}],"about":[{"href":"https:\/\/janapsicologa.com\/psicologo-madrid\/wp-json\/wp\/v2\/types\/page"}],"author":[{"embeddable":true,"href":"https:\/\/janapsicologa.com\/psicologo-madrid\/wp-json\/wp\/v2\/users\/2"}],"replies":[{"embeddable":true,"href":"https:\/\/janapsicologa.com\/psicologo-madrid\/wp-json\/wp\/v2\/comments?post=4272"}],"version-history":[{"count":27,"href":"https:\/\/janapsicologa.com\/psicologo-madrid\/wp-json\/wp\/v2\/pages\/4272\/revisions"}],"predecessor-version":[{"id":6543,"href":"https:\/\/janapsicologa.com\/psicologo-madrid\/wp-json\/wp\/v2\/pages\/4272\/revisions\/6543"}],"wp:attachment":[{"href":"https:\/\/janapsicologa.com\/psicologo-madrid\/wp-json\/wp\/v2\/media?parent=4272"}],"curies":[{"name":"wp","href":"https:\/\/api.w.org\/{rel}","templated":true}]}}